{"id":110,"date":"2025-11-12T17:26:25","date_gmt":"2025-11-12T17:26:25","guid":{"rendered":"http:\/\/reinventer-le-dechet.fr\/?page_id=110"},"modified":"2025-11-29T17:36:01","modified_gmt":"2025-11-29T17:36:01","slug":"migrants-afghans-a-istanbul","status":"publish","type":"page","link":"http:\/\/reinventer-le-dechet.fr\/?page_id=110","title":{"rendered":"Migrants Afghans \u00e0 Istanbul"},"content":{"rendered":"\n<p><a href=\"http:\/\/reinventer-le-dechet.fr\/?page_id=120\">Panneau pr\u00e9c\u00e9dent&#8230;<\/a><\/p>\n\n\n<div id=\"metaslider-id-561\" style=\"width: 100%;\" class=\"ml-slider-3-104-0 metaslider metaslider-flex metaslider-561 ml-slider has-dots-nav ms-theme-default-base\" role=\"region\" aria-label=\"Migrants Afghans \u00e0 Istanbul\" data-width=\"1200\">\n    <div id=\"metaslider_container_561\">\n        <div id=\"metaslider_561\">\n            <ul aria-live='off' class='slides'>\n                <li style=\"display: block; width: 100%;\" class=\"slide-564 ms-image \" aria-roledescription=\"slide\" data-date=\"2025-11-26 12:27:33\" data-filename=\"L1010911-2.jpg\" data-slide-type=\"image\"><img decoding=\"async\" src=\"http:\/\/reinventer-le-dechet.fr\/wp-content\/uploads\/2025\/11\/L1010911-2.jpg\" width=\"1200\" alt=\"\" class=\"slider-561 slide-564 msDefaultImage\" title=\"L1010911-2\" \/><div class=\"caption-wrap\"><div class=\"caption\"><div>Istanbul, Turquie, 2021<\/div><\/div><\/div><\/li>\n                <li style=\"display: none; width: 100%;\" class=\"slide-563 ms-image \" aria-roledescription=\"slide\" data-date=\"2025-11-26 12:27:33\" data-filename=\"L1010931-2.jpg\" data-slide-type=\"image\"><img decoding=\"async\" src=\"http:\/\/reinventer-le-dechet.fr\/wp-content\/uploads\/2025\/11\/L1010931-2.jpg\" width=\"1200\" alt=\"\" class=\"slider-561 slide-563 msDefaultImage\" title=\"L1010931-2\" \/><div class=\"caption-wrap\"><div class=\"caption\"><div>Istanbul, Turquie, 2021<\/div><\/div><\/div><\/li>\n                <li style=\"display: none; width: 100%;\" class=\"slide-565 ms-image \" aria-roledescription=\"slide\" data-date=\"2025-11-26 12:27:33\" data-filename=\"L1010935-2.jpg\" data-slide-type=\"image\"><img decoding=\"async\" src=\"http:\/\/reinventer-le-dechet.fr\/wp-content\/uploads\/2025\/11\/L1010935-2.jpg\" width=\"1200\" alt=\"\" class=\"slider-561 slide-565 msDefaultImage\" title=\"L1010935-2\" \/><div class=\"caption-wrap\"><div class=\"caption\"><div>Istanbul, Turquie, 2021<\/div><\/div><\/div><\/li>\n            <\/ul>\n        <\/div>\n        \n    <\/div>\n<\/div>\n\n\n\n<p>Istanbul est un carrefour de migrations, notamment pour les victimes des guerres. La r\u00e9cup\u00e9ration permet \u00e0 ces jeunes hommes d&rsquo;envoyer de l&rsquo;argent au pays et d&rsquo;\u00e9conomiser pour la suite de leur voyage. Cependant, la Turquie a expuls\u00e9 les Afghans et les d\u00e9p\u00f4ts des grossistes qui les h\u00e9bergeaient ont \u00e9t\u00e9 d\u00e9molis par les projets urbains.<\/p>\n\n\n\n<p><strong>Pour en savoir plus :<\/strong><\/p>\n\n\n\n<p>Un article de Onur Hasip Y\u0131lmaz &amp; Diego Cupolo sur les difficult\u00e9s du secteur informel \u00e0 Istanbul, <a href=\"https:\/\/www.turkeyrecap.com\/p\/trash-money-turkey-is-formalizing\" target=\"_blank\" rel=\"noreferrer noopener\">\u00ab\u00a0Trash money: Turkey is formalizing its waste sector. Informal collectors want to be included\u00a0\u00bb<\/a>, Turkey Recap\u00a0 (en anglais), 2024<\/p>\n\n\n\n<p class=\"has-text-align-right\"><a href=\"http:\/\/reinventer-le-dechet.fr\/?page_id=152\">Panneau suivant&#8230;<\/a><\/p>\n\n\n\n<p><\/p>\n","protected":false},"excerpt":{"rendered":"<p>Panneau pr\u00e9c\u00e9dent&#8230; Istanbul est un carrefour de migrations, notamment pour les victimes des guerres. La r\u00e9cup\u00e9ration permet \u00e0 ces jeunes hommes d&rsquo;envoyer de l&rsquo;argent au pays et d&rsquo;\u00e9conomiser pour la suite de leur voyage. Cependant, la Turquie a expuls\u00e9 les Afghans et les d\u00e9p\u00f4ts des grossistes qui les h\u00e9bergeaient ont \u00e9t\u00e9 d\u00e9molis par les projets &#8230; <a title=\"Migrants Afghans \u00e0 Istanbul\" class=\"read-more\" href=\"http:\/\/reinventer-le-dechet.fr\/?page_id=110\" aria-label=\"En savoir plus sur Migrants Afghans \u00e0 Istanbul\">Lire plus<\/a><\/p>\n","protected":false},"author":1,"featured_media":0,"parent":0,"menu_order":0,"comment_status":"closed","ping_status":"closed","template":"","meta":{"footnotes":""},"class_list":["post-110","page","type-page","status-publish"],"_links":{"self":[{"href":"http:\/\/reinventer-le-dechet.fr\/index.php?rest_route=\/wp\/v2\/pages\/110","targetHints":{"allow":["GET"]}}],"collection":[{"href":"http:\/\/reinventer-le-dechet.fr\/index.php?rest_route=\/wp\/v2\/pages"}],"about":[{"href":"http:\/\/reinventer-le-dechet.fr\/index.php?rest_route=\/wp\/v2\/types\/page"}],"author":[{"embeddable":true,"href":"http:\/\/reinventer-le-dechet.fr\/index.php?rest_route=\/wp\/v2\/users\/1"}],"replies":[{"embeddable":true,"href":"http:\/\/reinventer-le-dechet.fr\/index.php?rest_route=%2Fwp%2Fv2%2Fcomments&post=110"}],"version-history":[{"count":6,"href":"http:\/\/reinventer-le-dechet.fr\/index.php?rest_route=\/wp\/v2\/pages\/110\/revisions"}],"predecessor-version":[{"id":718,"href":"http:\/\/reinventer-le-dechet.fr\/index.php?rest_route=\/wp\/v2\/pages\/110\/revisions\/718"}],"wp:attachment":[{"href":"http:\/\/reinventer-le-dechet.fr\/index.php?rest_route=%2Fwp%2Fv2%2Fmedia&parent=110"}],"curies":[{"name":"wp","href":"https:\/\/api.w.org\/{rel}","templated":true}]}}