{"id":122,"date":"2025-11-12T17:38:22","date_gmt":"2025-11-12T17:38:22","guid":{"rendered":"http:\/\/reinventer-le-dechet.fr\/?page_id=122"},"modified":"2025-11-30T12:35:25","modified_gmt":"2025-11-30T12:35:25","slug":"de-lutilite-des-informels","status":"publish","type":"page","link":"http:\/\/reinventer-le-dechet.fr\/?page_id=122","title":{"rendered":"De l&rsquo;utilit\u00e9 des \u00ab\u00a0informels\u00a0\u00bb"},"content":{"rendered":"\n<p><a href=\"http:\/\/reinventer-le-dechet.fr\/?page_id=150\" data-type=\"page\" data-id=\"150\">Panneau pr\u00e9c\u00e9dent&#8230;<\/a><\/p>\n\n\n<div id=\"metaslider-id-410\" style=\"width: 100%;\" class=\"ml-slider-3-104-0 metaslider metaslider-flex metaslider-410 ml-slider has-dots-nav ms-theme-default-base\" role=\"region\" aria-label=\"Utilit\u00e9 des informels\" data-width=\"1200\">\n    <div id=\"metaslider_container_410\">\n        <div id=\"metaslider_410\">\n            <ul aria-live='off' class='slides'>\n                <li style=\"display: block; width: 100%;\" class=\"slide-411 ms-image \" aria-roledescription=\"slide\" data-date=\"2025-11-26 10:11:58\" data-filename=\"Lome_12_2019-23.jpg\" data-slide-type=\"image\"><img decoding=\"async\" src=\"http:\/\/reinventer-le-dechet.fr\/wp-content\/uploads\/2025\/11\/Lome_12_2019-23.jpg\" width=\"1200\" alt=\"\" class=\"slider-410 slide-411 msDefaultImage\" title=\"Lome\u0301_12_2019 - 23\" \/><div class=\"caption-wrap\"><div class=\"caption\"><div>Lom\u00e9, Togo, 2019<\/div><\/div><\/div><\/li>\n                <li style=\"display: none; width: 100%;\" class=\"slide-412 ms-image \" aria-roledescription=\"slide\" data-date=\"2025-11-26 10:11:58\" data-filename=\"Lome_12_2019-190.jpg\" data-slide-type=\"image\"><img decoding=\"async\" src=\"http:\/\/reinventer-le-dechet.fr\/wp-content\/uploads\/2025\/11\/Lome_12_2019-190.jpg\" width=\"1200\" alt=\"\" class=\"slider-410 slide-412 msDefaultImage\" title=\"Lome\u0301_12_2019 - 190\" \/><div class=\"caption-wrap\"><div class=\"caption\"><div>Lom\u00e9, Togo, 2019<\/div><\/div><\/div><\/li>\n                <li style=\"display: none; width: 100%;\" class=\"slide-413 ms-image \" aria-roledescription=\"slide\" data-date=\"2025-11-26 10:11:58\" data-filename=\"Lome_12_2019-250.jpg\" data-slide-type=\"image\"><img decoding=\"async\" src=\"http:\/\/reinventer-le-dechet.fr\/wp-content\/uploads\/2025\/11\/Lome_12_2019-250.jpg\" width=\"1200\" alt=\"\" class=\"slider-410 slide-413 msDefaultImage\" title=\"Lome\u0301_12_2019 - 250\" \/><div class=\"caption-wrap\"><div class=\"caption\"><div>Lom\u00e9, Togo, 2019<\/div><\/div><\/div><\/li>\n            <\/ul>\n        <\/div>\n        \n    <\/div>\n<\/div>\n\n\n\n<p>Ancien r\u00e9cup\u00e9rateur, \u00c9lo a investi dans un camion d&rsquo;occasion et cr\u00e9\u00e9 une entreprise de ramassage des ordures au porte-\u00e0-porte. \u00c0 Lom\u00e9, les initiatives soutenues par la mairie se multiplient : compostage, tri, petites soci\u00e9t\u00e9s de collecte et de recyclage. La ville a mis en place un syst\u00e8me qui int\u00e8gre l&rsquo;informel et reconna\u00eet l&rsquo;utilit\u00e9 des r\u00e9cup\u00e9rateurs.<\/p>\n\n\n\n<p><strong>Pour en savoir plus :<\/strong><\/p>\n\n\n\n<p><a href=\"https:\/\/www.afd.fr\/sites\/default\/files\/2022-02-09-23-05\/guide-methodologique-secteur-informel-dechets.pdf\" target=\"_blank\" rel=\"noreferrer noopener\">\u00ab\u00a0Un revenu de subsistance des travailleurs des d\u00e9chets dans le cadre du Trait\u00e9 mondial contre la pollution plastique\u00a0\u00bb<\/a>, un rapport de Fair Circularity Initiative &amp; Sistemic.<\/p>\n\n\n\n<p class=\"has-text-align-right\"><a href=\"http:\/\/reinventer-le-dechet.fr\/?page_id=158\" data-type=\"page\" data-id=\"158\">Panneau suivant&#8230;<\/a><\/p>\n","protected":false},"excerpt":{"rendered":"<p>Panneau pr\u00e9c\u00e9dent&#8230; Ancien r\u00e9cup\u00e9rateur, \u00c9lo a investi dans un camion d&rsquo;occasion et cr\u00e9\u00e9 une entreprise de ramassage des ordures au porte-\u00e0-porte. \u00c0 Lom\u00e9, les initiatives soutenues par la mairie se multiplient : compostage, tri, petites soci\u00e9t\u00e9s de collecte et de recyclage. La ville a mis en place un syst\u00e8me qui int\u00e8gre l&rsquo;informel et reconna\u00eet l&rsquo;utilit\u00e9 &#8230; <a title=\"De l&rsquo;utilit\u00e9 des \u00ab\u00a0informels\u00a0\u00bb\" class=\"read-more\" href=\"http:\/\/reinventer-le-dechet.fr\/?page_id=122\" aria-label=\"En savoir plus sur De l&rsquo;utilit\u00e9 des \u00ab\u00a0informels\u00a0\u00bb\">Lire plus<\/a><\/p>\n","protected":false},"author":1,"featured_media":0,"parent":0,"menu_order":0,"comment_status":"closed","ping_status":"closed","template":"","meta":{"footnotes":""},"class_list":["post-122","page","type-page","status-publish"],"_links":{"self":[{"href":"http:\/\/reinventer-le-dechet.fr\/index.php?rest_route=\/wp\/v2\/pages\/122","targetHints":{"allow":["GET"]}}],"collection":[{"href":"http:\/\/reinventer-le-dechet.fr\/index.php?rest_route=\/wp\/v2\/pages"}],"about":[{"href":"http:\/\/reinventer-le-dechet.fr\/index.php?rest_route=\/wp\/v2\/types\/page"}],"author":[{"embeddable":true,"href":"http:\/\/reinventer-le-dechet.fr\/index.php?rest_route=\/wp\/v2\/users\/1"}],"replies":[{"embeddable":true,"href":"http:\/\/reinventer-le-dechet.fr\/index.php?rest_route=%2Fwp%2Fv2%2Fcomments&post=122"}],"version-history":[{"count":8,"href":"http:\/\/reinventer-le-dechet.fr\/index.php?rest_route=\/wp\/v2\/pages\/122\/revisions"}],"predecessor-version":[{"id":765,"href":"http:\/\/reinventer-le-dechet.fr\/index.php?rest_route=\/wp\/v2\/pages\/122\/revisions\/765"}],"wp:attachment":[{"href":"http:\/\/reinventer-le-dechet.fr\/index.php?rest_route=%2Fwp%2Fv2%2Fmedia&parent=122"}],"curies":[{"name":"wp","href":"https:\/\/api.w.org\/{rel}","templated":true}]}}