{"id":130,"date":"2025-11-12T17:41:35","date_gmt":"2025-11-12T17:41:35","guid":{"rendered":"http:\/\/reinventer-le-dechet.fr\/?page_id=130"},"modified":"2025-11-30T09:37:38","modified_gmt":"2025-11-30T09:37:38","slug":"lecheveau-des-fils-electriques","status":"publish","type":"page","link":"http:\/\/reinventer-le-dechet.fr\/?page_id=130","title":{"rendered":"L&rsquo;\u00e9cheveau des fils \u00e9lectriques"},"content":{"rendered":"\n<p><a href=\"http:\/\/reinventer-le-dechet.fr\/?page_id=170\">Panneau pr\u00e9c\u00e9dent&#8230;<\/a><\/p>\n\n\n<div id=\"metaslider-id-461\" style=\"width: 100%;\" class=\"ml-slider-3-104-0 metaslider metaslider-flex metaslider-461 ml-slider has-dots-nav ms-theme-default-base\" role=\"region\" aria-label=\"L&#039;\u00e9cheveau des fils \u00e9lectriques\" data-width=\"1200\">\n    <div id=\"metaslider_container_461\">\n        <div id=\"metaslider_461\">\n            <ul aria-live='off' class='slides'>\n                <li style=\"display: block; width: 100%;\" class=\"slide-462 ms-image \" aria-roledescription=\"slide\" data-date=\"2025-11-26 10:44:32\" data-filename=\"L1000249.jpg\" data-slide-type=\"image\"><img decoding=\"async\" src=\"http:\/\/reinventer-le-dechet.fr\/wp-content\/uploads\/2025\/11\/L1000249.jpg\" width=\"1200\" alt=\"\" class=\"slider-461 slide-462 msDefaultImage\" title=\"L1000249\" \/><div class=\"caption-wrap\"><div class=\"caption\"><div>Beyrouth, Liban, 2019<\/div><\/div><\/div><\/li>\n                <li style=\"display: none; width: 100%;\" class=\"slide-463 ms-image \" aria-roledescription=\"slide\" data-date=\"2025-11-26 10:44:32\" data-filename=\"L1000455.jpg\" data-slide-type=\"image\"><img decoding=\"async\" src=\"http:\/\/reinventer-le-dechet.fr\/wp-content\/uploads\/2025\/11\/L1000455.jpg\" width=\"1200\" alt=\"\" class=\"slider-461 slide-463 msDefaultImage\" title=\"L1000455\" \/><div class=\"caption-wrap\"><div class=\"caption\"><div>Beyrouth, Liban, 2019<\/div><\/div><\/div><\/li>\n                <li style=\"display: none; width: 100%;\" class=\"slide-464 ms-image \" aria-roledescription=\"slide\" data-date=\"2025-11-26 10:44:32\" data-filename=\"L1000232.jpg\" data-slide-type=\"image\"><img decoding=\"async\" src=\"http:\/\/reinventer-le-dechet.fr\/wp-content\/uploads\/2025\/11\/L1000232.jpg\" width=\"1200\" alt=\"\" class=\"slider-461 slide-464 msDefaultImage\" title=\"L1000232\" \/><div class=\"caption-wrap\"><div class=\"caption\"><div>Beyrouth, Liban, 2019<\/div><\/div><\/div><\/li>\n                <li style=\"display: none; width: 100%;\" class=\"slide-465 ms-image \" aria-roledescription=\"slide\" data-date=\"2025-11-26 10:44:32\" data-filename=\"L1000348.jpg\" data-slide-type=\"image\"><img decoding=\"async\" src=\"http:\/\/reinventer-le-dechet.fr\/wp-content\/uploads\/2025\/11\/L1000348.jpg\" width=\"1200\" alt=\"\" class=\"slider-461 slide-465 msDefaultImage\" title=\"L1000348\" \/><div class=\"caption-wrap\"><div class=\"caption\"><div>Beyrouth, Liban, 2019<\/div><\/div><\/div><\/li>\n            <\/ul>\n        <\/div>\n        \n    <\/div>\n<\/div>\n\n\n\n<p>D\u00e9nuder et r\u00e9cup\u00e9rer les fils de cuivre est un travail rentable, mais sans fin. Le patron de cette ferraille a d\u00e9but\u00e9 en collectant les carcasses de voitures et les m\u00e9taux dans Beyrouth d\u00e9truit par la guerre. Tous les mois, il revend 530stonnes de ferrailles aux grossistes du port : elles seront export\u00e9es vers la Turquie, plaque tournante du recyclage des m\u00e9taux en M\u00e9diterran\u00e9e.<\/p>\n\n\n\n<p><strong>Pour en savoir plus :\u00a0<\/strong><\/p>\n\n\n\n<p> Un article de Nada Chbat, <a href=\"https:\/\/journals.openedition.org\/paysage\/18400\" target=\"_blank\" rel=\"noreferrer noopener\">\u00ab\u00a0La gestion des d\u00e9chets urbains au Liban entre politiques publiques et priv\u00e9es\u00a0\u00bb<\/a>, <em>Projets de paysage<\/em>, 2011<\/p>\n\n\n\n<p><a href=\"https:\/\/www.lemonde.fr\/planete\/video\/2018\/09\/12\/un-torrent-de-dechets-envahit-beyrouth_5354064_3244.html\" target=\"_blank\" rel=\"noreferrer noopener\">\u00ab\u00a0Un torrent de d\u00e9chets dans les rues de Beyrouth\u00a0\u00bb et la contestation \u00ab\u00a0Vous puez\u00a0\u00bb<\/a>, Beyrouth 2015, un article et une vid\u00e9o dans <em>Le Monde<\/em>, 2018<\/p>\n\n\n\n<p class=\"has-text-align-right\"><a href=\"http:\/\/reinventer-le-dechet.fr\/?page_id=160\">Panneau suivant&#8230;<\/a><\/p>\n","protected":false},"excerpt":{"rendered":"<p>Panneau pr\u00e9c\u00e9dent&#8230; D\u00e9nuder et r\u00e9cup\u00e9rer les fils de cuivre est un travail rentable, mais sans fin. Le patron de cette ferraille a d\u00e9but\u00e9 en collectant les carcasses de voitures et les m\u00e9taux dans Beyrouth d\u00e9truit par la guerre. Tous les mois, il revend 530stonnes de ferrailles aux grossistes du port : elles seront export\u00e9es vers &#8230; <a title=\"L&rsquo;\u00e9cheveau des fils \u00e9lectriques\" class=\"read-more\" href=\"http:\/\/reinventer-le-dechet.fr\/?page_id=130\" aria-label=\"En savoir plus sur L&rsquo;\u00e9cheveau des fils \u00e9lectriques\">Lire plus<\/a><\/p>\n","protected":false},"author":1,"featured_media":0,"parent":0,"menu_order":0,"comment_status":"closed","ping_status":"closed","template":"","meta":{"footnotes":""},"class_list":["post-130","page","type-page","status-publish"],"_links":{"self":[{"href":"http:\/\/reinventer-le-dechet.fr\/index.php?rest_route=\/wp\/v2\/pages\/130","targetHints":{"allow":["GET"]}}],"collection":[{"href":"http:\/\/reinventer-le-dechet.fr\/index.php?rest_route=\/wp\/v2\/pages"}],"about":[{"href":"http:\/\/reinventer-le-dechet.fr\/index.php?rest_route=\/wp\/v2\/types\/page"}],"author":[{"embeddable":true,"href":"http:\/\/reinventer-le-dechet.fr\/index.php?rest_route=\/wp\/v2\/users\/1"}],"replies":[{"embeddable":true,"href":"http:\/\/reinventer-le-dechet.fr\/index.php?rest_route=%2Fwp%2Fv2%2Fcomments&post=130"}],"version-history":[{"count":7,"href":"http:\/\/reinventer-le-dechet.fr\/index.php?rest_route=\/wp\/v2\/pages\/130\/revisions"}],"predecessor-version":[{"id":747,"href":"http:\/\/reinventer-le-dechet.fr\/index.php?rest_route=\/wp\/v2\/pages\/130\/revisions\/747"}],"wp:attachment":[{"href":"http:\/\/reinventer-le-dechet.fr\/index.php?rest_route=%2Fwp%2Fv2%2Fmedia&parent=130"}],"curies":[{"name":"wp","href":"https:\/\/api.w.org\/{rel}","templated":true}]}}