{"id":154,"date":"2025-11-13T16:33:13","date_gmt":"2025-11-13T16:33:13","guid":{"rendered":"http:\/\/reinventer-le-dechet.fr\/?page_id=154"},"modified":"2025-11-30T13:32:06","modified_gmt":"2025-11-30T13:32:06","slug":"convoitises-sur-le-dechet","status":"publish","type":"page","link":"http:\/\/reinventer-le-dechet.fr\/?page_id=154","title":{"rendered":"Convoitises sur le d\u00e9chet"},"content":{"rendered":"\n<p><a href=\"http:\/\/reinventer-le-dechet.fr\/?page_id=158\">Panneau pr\u00e9c\u00e9dent&#8230;<\/a><\/p>\n\n\n<div id=\"metaslider-id-267\" style=\"width: 100%;\" class=\"ml-slider-3-104-0 metaslider metaslider-flex metaslider-267 ml-slider hide-navigation-smartphone hide-navigation-tablet has-dots-nav ms-theme-default-base\" role=\"region\" aria-label=\"Convoitises sur le d\u00e9chet\" data-width=\"1200\">\n    <div id=\"metaslider_container_267\">\n        <div id=\"metaslider_267\">\n            <ul aria-live='off' class='slides'>\n                <li style=\"display: block; width: 100%;\" class=\"slide-268 ms-image \" aria-roledescription=\"slide\" data-date=\"2025-11-24 10:58:10\" data-filename=\"DSC_1363.jpg\" data-slide-type=\"image\"><img decoding=\"async\" src=\"http:\/\/reinventer-le-dechet.fr\/wp-content\/uploads\/2025\/11\/DSC_1363.jpg\" width=\"1200\" alt=\"\" class=\"slider-267 slide-268 msDefaultImage\" title=\"DSC_1363\" \/><div class=\"caption-wrap\"><div class=\"caption\"><div>Murat dans son d\u00e9p\u00f4t de S\u00fcleymaniye en 2016<\/div><\/div><\/div><\/li>\n                <li style=\"display: none; width: 100%;\" class=\"slide-269 ms-image \" aria-roledescription=\"slide\" data-date=\"2025-11-24 10:58:10\" data-filename=\"DSC_1412.jpg\" data-slide-type=\"image\"><img decoding=\"async\" src=\"http:\/\/reinventer-le-dechet.fr\/wp-content\/uploads\/2025\/11\/DSC_1412.jpg\" width=\"1200\" alt=\"\" class=\"slider-267 slide-269 msDefaultImage\" title=\"DSC_1412\" \/><div class=\"caption-wrap\"><div class=\"caption\"><div>Deux toplaicilar employ\u00e9s par Murat<\/div><\/div><\/div><\/li>\n                <li style=\"display: none; width: 100%;\" class=\"slide-270 ms-image \" aria-roledescription=\"slide\" data-date=\"2025-11-24 10:58:10\" data-filename=\"DSC_1347.jpg\" data-slide-type=\"image\"><img decoding=\"async\" src=\"http:\/\/reinventer-le-dechet.fr\/wp-content\/uploads\/2025\/11\/DSC_1347.jpg\" width=\"1200\" alt=\"\" class=\"slider-267 slide-270 msDefaultImage\" title=\"DSC_1347\" \/><div class=\"caption-wrap\"><div class=\"caption\"><div>Le travail dans le d\u00e9p\u00f4t de Murat<\/div><\/div><\/div><\/li>\n            <\/ul>\n        <\/div>\n        \n    <\/div>\n<\/div>\n\n\n\n<p>En Turquie, 500 000 r\u00e9cup\u00e9rateurs contribuent \u00e0 80 % du recyclage total. Mais la captation du d\u00e9chet valorisable par le secteur priv\u00e9 s&rsquo;accentue et s&rsquo;accompagne de lois excluant les \u00ab\u00a0informels\u00a0\u00bb. Murat, patron d&rsquo;un petit d\u00e9p\u00f4t, s&rsquo;indigne ici contre des politiques publiques qu&rsquo;il juge injustes et d\u00e9cid\u00e9es sans concertation, ni int\u00e9gration.<\/p>\n\n\n\n<figure class=\"wp-block-video\"><video height=\"360\" style=\"aspect-ratio: 640 \/ 360;\" width=\"640\" controls src=\"http:\/\/reinventer-le-dechet.fr\/wp-content\/uploads\/2025\/10\/Film_Istanbul.mov\"><\/video><\/figure>\n\n\n\n<p><\/p>\n\n\n\n<p class=\"has-text-align-right\"><a href=\"http:\/\/reinventer-le-dechet.fr\/?page_id=164\">Panneau suivant&#8230;<\/a><\/p>\n","protected":false},"excerpt":{"rendered":"<p>Panneau pr\u00e9c\u00e9dent&#8230; En Turquie, 500 000 r\u00e9cup\u00e9rateurs contribuent \u00e0 80 % du recyclage total. Mais la captation du d\u00e9chet valorisable par le secteur priv\u00e9 s&rsquo;accentue et s&rsquo;accompagne de lois excluant les \u00ab\u00a0informels\u00a0\u00bb. Murat, patron d&rsquo;un petit d\u00e9p\u00f4t, s&rsquo;indigne ici contre des politiques publiques qu&rsquo;il juge injustes et d\u00e9cid\u00e9es sans concertation, ni int\u00e9gration. Panneau suivant&#8230;<\/p>\n","protected":false},"author":1,"featured_media":0,"parent":0,"menu_order":0,"comment_status":"closed","ping_status":"closed","template":"","meta":{"footnotes":""},"class_list":["post-154","page","type-page","status-publish"],"_links":{"self":[{"href":"http:\/\/reinventer-le-dechet.fr\/index.php?rest_route=\/wp\/v2\/pages\/154","targetHints":{"allow":["GET"]}}],"collection":[{"href":"http:\/\/reinventer-le-dechet.fr\/index.php?rest_route=\/wp\/v2\/pages"}],"about":[{"href":"http:\/\/reinventer-le-dechet.fr\/index.php?rest_route=\/wp\/v2\/types\/page"}],"author":[{"embeddable":true,"href":"http:\/\/reinventer-le-dechet.fr\/index.php?rest_route=\/wp\/v2\/users\/1"}],"replies":[{"embeddable":true,"href":"http:\/\/reinventer-le-dechet.fr\/index.php?rest_route=%2Fwp%2Fv2%2Fcomments&post=154"}],"version-history":[{"count":9,"href":"http:\/\/reinventer-le-dechet.fr\/index.php?rest_route=\/wp\/v2\/pages\/154\/revisions"}],"predecessor-version":[{"id":771,"href":"http:\/\/reinventer-le-dechet.fr\/index.php?rest_route=\/wp\/v2\/pages\/154\/revisions\/771"}],"wp:attachment":[{"href":"http:\/\/reinventer-le-dechet.fr\/index.php?rest_route=%2Fwp%2Fv2%2Fmedia&parent=154"}],"curies":[{"name":"wp","href":"https:\/\/api.w.org\/{rel}","templated":true}]}}