{"id":156,"date":"2025-11-13T16:33:47","date_gmt":"2025-11-13T16:33:47","guid":{"rendered":"http:\/\/reinventer-le-dechet.fr\/?page_id=156"},"modified":"2025-11-30T13:38:36","modified_gmt":"2025-11-30T13:38:36","slug":"les-petites-mains-du-recyclage","status":"publish","type":"page","link":"http:\/\/reinventer-le-dechet.fr\/?page_id=156","title":{"rendered":"Les petites mains du recyclage"},"content":{"rendered":"\n<p><a href=\"http:\/\/reinventer-le-dechet.fr\/?page_id=148\">Panneau pr\u00e9c\u00e9dent&#8230;<\/a><\/p>\n\n\n<div id=\"metaslider-id-552\" style=\"width: 100%;\" class=\"ml-slider-3-104-0 metaslider metaslider-flex metaslider-552 ml-slider has-dots-nav ms-theme-default-base\" role=\"region\" aria-label=\"Les petites mains du recyclage\" data-width=\"1200\">\n    <div id=\"metaslider_container_552\">\n        <div id=\"metaslider_552\">\n            <ul aria-live='off' class='slides'>\n                <li style=\"display: block; width: 100%;\" class=\"slide-554 ms-image \" aria-roledescription=\"slide\" data-date=\"2025-11-26 12:20:29\" data-filename=\"L1000290-1.jpg\" data-slide-type=\"image\"><img decoding=\"async\" src=\"http:\/\/reinventer-le-dechet.fr\/wp-content\/uploads\/2025\/11\/L1000290-1.jpg\" width=\"1200\" alt=\"\" class=\"slider-552 slide-554 msDefaultImage\" title=\"L1000290\" \/><div class=\"caption-wrap\"><div class=\"caption\"><div>Beyrouth, Liban, 2019<\/div><\/div><\/div><\/li>\n                <li style=\"display: none; width: 100%;\" class=\"slide-553 ms-image \" aria-roledescription=\"slide\" data-date=\"2025-11-26 12:20:29\" data-filename=\"L1000284.jpg\" data-slide-type=\"image\"><img decoding=\"async\" src=\"http:\/\/reinventer-le-dechet.fr\/wp-content\/uploads\/2025\/11\/L1000284.jpg\" width=\"1200\" alt=\"\" class=\"slider-552 slide-553 msDefaultImage\" title=\"L1000284\" \/><div class=\"caption-wrap\"><div class=\"caption\"><div>Beyrouth, Liban, 2019<\/div><\/div><\/div><\/li>\n                <li style=\"display: none; width: 100%;\" class=\"slide-555 ms-image \" aria-roledescription=\"slide\" data-date=\"2025-11-26 12:20:29\" data-filename=\"L1000371.jpg\" data-slide-type=\"image\"><img decoding=\"async\" src=\"http:\/\/reinventer-le-dechet.fr\/wp-content\/uploads\/2025\/11\/L1000371.jpg\" width=\"1200\" alt=\"\" class=\"slider-552 slide-555 msDefaultImage\" title=\"L1000371\" \/><div class=\"caption-wrap\"><div class=\"caption\"><div>Beyrouth, Liban, 2019<\/div><\/div><\/div><\/li>\n            <\/ul>\n        <\/div>\n        \n    <\/div>\n<\/div>\n\n\n\n<p>Les r\u00e9cup\u00e9rateurs-recycleurs informels repr\u00e9sentent 1 % de la main d&rsquo;\u0153uvre mondiale, mais traitent 20 % des d\u00e9chets urbains. Enfants, femmes et migrants \u2014 ici des jeunes Syriens \u2014 constituent les petites mains vuln\u00e9rables, invisibles et sous-pay\u00e9es de l&rsquo;\u00e9conomie circulaire.<\/p>\n\n\n\n<p class=\"has-text-align-right\"><a href=\"http:\/\/reinventer-le-dechet.fr\/?page_id=118\">Panneau suivant&#8230;<\/a><\/p>\n","protected":false},"excerpt":{"rendered":"<p>Panneau pr\u00e9c\u00e9dent&#8230; Les r\u00e9cup\u00e9rateurs-recycleurs informels repr\u00e9sentent 1 % de la main d&rsquo;\u0153uvre mondiale, mais traitent 20 % des d\u00e9chets urbains. Enfants, femmes et migrants \u2014 ici des jeunes Syriens \u2014 constituent les petites mains vuln\u00e9rables, invisibles et sous-pay\u00e9es de l&rsquo;\u00e9conomie circulaire. Panneau suivant&#8230;<\/p>\n","protected":false},"author":1,"featured_media":0,"parent":0,"menu_order":0,"comment_status":"closed","ping_status":"closed","template":"","meta":{"footnotes":""},"class_list":["post-156","page","type-page","status-publish"],"_links":{"self":[{"href":"http:\/\/reinventer-le-dechet.fr\/index.php?rest_route=\/wp\/v2\/pages\/156","targetHints":{"allow":["GET"]}}],"collection":[{"href":"http:\/\/reinventer-le-dechet.fr\/index.php?rest_route=\/wp\/v2\/pages"}],"about":[{"href":"http:\/\/reinventer-le-dechet.fr\/index.php?rest_route=\/wp\/v2\/types\/page"}],"author":[{"embeddable":true,"href":"http:\/\/reinventer-le-dechet.fr\/index.php?rest_route=\/wp\/v2\/users\/1"}],"replies":[{"embeddable":true,"href":"http:\/\/reinventer-le-dechet.fr\/index.php?rest_route=%2Fwp%2Fv2%2Fcomments&post=156"}],"version-history":[{"count":8,"href":"http:\/\/reinventer-le-dechet.fr\/index.php?rest_route=\/wp\/v2\/pages\/156\/revisions"}],"predecessor-version":[{"id":774,"href":"http:\/\/reinventer-le-dechet.fr\/index.php?rest_route=\/wp\/v2\/pages\/156\/revisions\/774"}],"wp:attachment":[{"href":"http:\/\/reinventer-le-dechet.fr\/index.php?rest_route=%2Fwp%2Fv2%2Fmedia&parent=156"}],"curies":[{"name":"wp","href":"https:\/\/api.w.org\/{rel}","templated":true}]}}