{"id":164,"date":"2025-11-13T16:36:41","date_gmt":"2025-11-13T16:36:41","guid":{"rendered":"http:\/\/reinventer-le-dechet.fr\/?page_id=164"},"modified":"2025-11-30T13:33:20","modified_gmt":"2025-11-30T13:33:20","slug":"romani-et-sa-fille-sandra","status":"publish","type":"page","link":"http:\/\/reinventer-le-dechet.fr\/?page_id=164","title":{"rendered":"Romani et sa fille Sandra"},"content":{"rendered":"\n<p><a href=\"http:\/\/reinventer-le-dechet.fr\/?page_id=154\">Panneau pr\u00e9c\u00e9dent&#8230;<\/a><\/p>\n\n\n<div id=\"metaslider-id-580\" style=\"width: 100%;\" class=\"ml-slider-3-104-0 metaslider metaslider-flex metaslider-580 ml-slider has-dots-nav ms-theme-default-base\" role=\"region\" aria-label=\"Romani et sa fille Sandra\" data-width=\"1200\">\n    <div id=\"metaslider_container_580\">\n        <div id=\"metaslider_580\">\n            <ul aria-live='off' class='slides'>\n                <li style=\"display: block; width: 100%;\" class=\"slide-585 ms-image \" aria-roledescription=\"slide\" data-date=\"2025-11-26 12:40:58\" data-filename=\"L1050571.jpg\" data-slide-type=\"image\"><img decoding=\"async\" src=\"http:\/\/reinventer-le-dechet.fr\/wp-content\/uploads\/2025\/11\/L1050571.jpg\" width=\"1200\" alt=\"\" class=\"slider-580 slide-585 msDefaultImage\" title=\"L1050571\" \/><div class=\"caption-wrap\"><div class=\"caption\"><div>Le Caire, \u00c9gypte, 2023<\/div><\/div><\/div><\/li>\n                <li style=\"display: none; width: 100%;\" class=\"slide-584 ms-image \" aria-roledescription=\"slide\" data-date=\"2025-11-26 12:40:58\" data-filename=\"L1050257.jpg\" data-slide-type=\"image\"><img decoding=\"async\" src=\"http:\/\/reinventer-le-dechet.fr\/wp-content\/uploads\/2025\/11\/L1050257.jpg\" width=\"1200\" alt=\"\" class=\"slider-580 slide-584 msDefaultImage\" title=\"L1050257\" \/><div class=\"caption-wrap\"><div class=\"caption\"><div>Le Caire, \u00c9gypte, 2023<\/div><\/div><\/div><\/li>\n                <li style=\"display: none; width: 100%;\" class=\"slide-586 ms-image \" aria-roledescription=\"slide\" data-date=\"2025-11-26 12:40:58\" data-filename=\"L1050576.jpg\" data-slide-type=\"image\"><img decoding=\"async\" src=\"http:\/\/reinventer-le-dechet.fr\/wp-content\/uploads\/2025\/11\/L1050576.jpg\" width=\"1200\" alt=\"\" class=\"slider-580 slide-586 msDefaultImage\" title=\"L1050576\" \/><div class=\"caption-wrap\"><div class=\"caption\"><div>Le Caire, \u00c9gypte, 2023<\/div><\/div><\/div><\/li>\n            <\/ul>\n        <\/div>\n        \n    <\/div>\n<\/div>\n\n\n\n<p>Romani est fils et petit-fils de chiffonnier \u00e9gyptien. Sandra est all\u00e9e \u00e0 l&rsquo;universit\u00e9, mais, petite, elle triait les ordures avec sa m\u00e8re. Malgr\u00e9 des conditions de travail p\u00e9nibles, les zabb\u00e2l\u00een ont cr\u00e9\u00e9 un mod\u00e8le original : en l&rsquo;absence de gestion publique des d\u00e9chets, ils se sont partag\u00e9s des zones de collecte en ville et, en un si\u00e8cle, ont con\u00e7u une quasi-industrie du recyclage.<\/p>\n\n\n\n<p><strong>Pour en savoir plus, <strong>un entretien avec Romani Badir<\/strong> :&nbsp;<\/strong><\/p>\n\n\n\n<p>Un article de B\u00e9n\u00e9dicte Florin, photographies de Pascal Garret,&nbsp;<a href=\"https:\/\/shs.cairn.info\/revue-vacarme-2017-4-page-99?lang=fr\" target=\"_blank\" rel=\"noreferrer noopener\">\u00ab\u00a0Ils n\u2019ont qu\u2019\u00e0 bouffer leurs ordures !<\/a>\u00ab\u00a0, dans la revue <em>Vacarme<\/em>, 2017.<\/p>\n\n\n\n<p class=\"has-text-align-right\"><a href=\"http:\/\/reinventer-le-dechet.fr\/?page_id=126\">Panneau suivant&#8230;<\/a><\/p>\n","protected":false},"excerpt":{"rendered":"<p>Panneau pr\u00e9c\u00e9dent&#8230; Romani est fils et petit-fils de chiffonnier \u00e9gyptien. Sandra est all\u00e9e \u00e0 l&rsquo;universit\u00e9, mais, petite, elle triait les ordures avec sa m\u00e8re. Malgr\u00e9 des conditions de travail p\u00e9nibles, les zabb\u00e2l\u00een ont cr\u00e9\u00e9 un mod\u00e8le original : en l&rsquo;absence de gestion publique des d\u00e9chets, ils se sont partag\u00e9s des zones de collecte en ville &#8230; <a title=\"Romani et sa fille Sandra\" class=\"read-more\" href=\"http:\/\/reinventer-le-dechet.fr\/?page_id=164\" aria-label=\"En savoir plus sur Romani et sa fille Sandra\">Lire plus<\/a><\/p>\n","protected":false},"author":1,"featured_media":0,"parent":0,"menu_order":0,"comment_status":"closed","ping_status":"closed","template":"","meta":{"footnotes":""},"class_list":["post-164","page","type-page","status-publish"],"_links":{"self":[{"href":"http:\/\/reinventer-le-dechet.fr\/index.php?rest_route=\/wp\/v2\/pages\/164","targetHints":{"allow":["GET"]}}],"collection":[{"href":"http:\/\/reinventer-le-dechet.fr\/index.php?rest_route=\/wp\/v2\/pages"}],"about":[{"href":"http:\/\/reinventer-le-dechet.fr\/index.php?rest_route=\/wp\/v2\/types\/page"}],"author":[{"embeddable":true,"href":"http:\/\/reinventer-le-dechet.fr\/index.php?rest_route=\/wp\/v2\/users\/1"}],"replies":[{"embeddable":true,"href":"http:\/\/reinventer-le-dechet.fr\/index.php?rest_route=%2Fwp%2Fv2%2Fcomments&post=164"}],"version-history":[{"count":11,"href":"http:\/\/reinventer-le-dechet.fr\/index.php?rest_route=\/wp\/v2\/pages\/164\/revisions"}],"predecessor-version":[{"id":772,"href":"http:\/\/reinventer-le-dechet.fr\/index.php?rest_route=\/wp\/v2\/pages\/164\/revisions\/772"}],"wp:attachment":[{"href":"http:\/\/reinventer-le-dechet.fr\/index.php?rest_route=%2Fwp%2Fv2%2Fmedia&parent=164"}],"curies":[{"name":"wp","href":"https:\/\/api.w.org\/{rel}","templated":true}]}}